{"id":857,"date":"2024-02-19T10:40:02","date_gmt":"2024-02-19T10:40:02","guid":{"rendered":"https:\/\/thepurplecheck.llyc.global\/home\/"},"modified":"2025-05-22T14:27:41","modified_gmt":"2025-05-22T14:27:41","slug":"home","status":"publish","type":"page","link":"https:\/\/thepurplecheck.llyc.global\/pt-br\/","title":{"rendered":"Home"},"content":{"rendered":"<p>[et_pb_section fb_built=&#8221;1&#8243; custom_padding_last_edited=&#8221;on|desktop&#8221; admin_label=&#8221;Video&#8221; module_id=&#8221;purplecheck&#8221; _builder_version=&#8221;4.24.0&#8243; _module_preset=&#8221;default&#8221; background_color=&#8221;#000000&#8243; background_enable_image=&#8221;off&#8221; background_position=&#8221;top_center&#8221; custom_padding=&#8221;0px||0px||false|false&#8221; custom_padding_tablet=&#8221;||0px||false|false&#8221; custom_padding_phone=&#8221;0px||0px||false|false&#8221; background_color_tablet=&#8221;RGBA(255,255,255,0)&#8221; background_last_edited=&#8221;on|desktop&#8221; background_enable_color_tablet=&#8221;on&#8221; global_colors_info=&#8221;{}&#8221;][et_pb_row custom_padding_last_edited=&#8221;on|tablet&#8221; admin_label=&#8221;Video&#8221; _builder_version=&#8221;4.24.0&#8243; _module_preset=&#8221;default&#8221; max_width=&#8221;1420px&#8221; custom_padding=&#8221;0px||0px||false|false&#8221; custom_padding_tablet=&#8221;30px||30px||false|false&#8221; custom_padding_phone=&#8221;10px||10px||false|false&#8221; global_colors_info=&#8221;{}&#8221;][et_pb_column type=&#8221;4_4&#8243; _builder_version=&#8221;4.24.0&#8243; _module_preset=&#8221;default&#8221; global_colors_info=&#8221;{}&#8221;][et_pb_video src=&#8221;https:\/\/youtu.be\/egJYXWw_buk&#8221; image_src=&#8221;https:\/\/thepurplecheck.llyc.global\/wp-content\/uploads\/2024\/02\/cabecera_video.png&#8221; play_icon_color=&#8221;RGBA(255,255,255,0)&#8221; font_icon=&#8221;&#x49;||divi||400&#8243; thumbnail_overlay_color=&#8221;RGBA(255,255,255,0)&#8221; module_id=&#8221;video_cabecera&#8221; _builder_version=&#8221;4.24.0&#8243; _module_preset=&#8221;default&#8221; width=&#8221;100%&#8221; max_width=&#8221;100%&#8221; module_alignment=&#8221;center&#8221; custom_padding=&#8221;0px||0px||false|false&#8221; global_colors_info=&#8221;{}&#8221;][\/et_pb_video][\/et_pb_column][\/et_pb_row][\/et_pb_section][et_pb_section fb_built=&#8221;1&#8243; custom_padding_last_edited=&#8221;on|phone&#8221; admin_label=&#8221;Intro &#8221; _builder_version=&#8221;4.24.0&#8243; _module_preset=&#8221;default&#8221; background_color=&#8221;RGBA(255,255,255,0)&#8221; background_enable_image=&#8221;off&#8221; custom_padding_tablet=&#8221;0px||||false|false&#8221; custom_padding_phone=&#8221;0px||||false|false&#8221; global_colors_info=&#8221;{}&#8221;][et_pb_row disabled_on=&#8221;off|off|on&#8221; admin_label=&#8221;Intro 1 (movil)&#8221; _builder_version=&#8221;4.24.0&#8243; _module_preset=&#8221;default&#8221; custom_padding=&#8221;0px||0px||false|false&#8221; global_colors_info=&#8221;{}&#8221;][et_pb_column type=&#8221;4_4&#8243; _builder_version=&#8221;4.24.0&#8243; _module_preset=&#8221;default&#8221; global_colors_info=&#8221;{}&#8221;][et_pb_image src=&#8221;https:\/\/thepurplecheck.llyc.global\/wp-content\/uploads\/2024\/02\/Intro-1.png&#8221; title_text=&#8221;Intro 1&#8243; force_fullwidth=&#8221;on&#8221; _builder_version=&#8221;4.24.0&#8243; _module_preset=&#8221;default&#8221; custom_padding=&#8221;0px||0px||false|false&#8221; global_colors_info=&#8221;{}&#8221;][\/et_pb_image][\/et_pb_column][\/et_pb_row][et_pb_row column_structure=&#8221;1_2,1_2&#8243; use_custom_gutter=&#8221;on&#8221; custom_padding_last_edited=&#8221;on|desktop&#8221; admin_label=&#8221;Intro 1&#8243; _builder_version=&#8221;4.24.0&#8243; _module_preset=&#8221;default&#8221; custom_padding_tablet=&#8221;||0px||false|false&#8221; custom_padding_phone=&#8221;||0px||false|false&#8221; global_colors_info=&#8221;{}&#8221;][et_pb_column type=&#8221;1_2&#8243; _builder_version=&#8221;4.24.0&#8243; _module_preset=&#8221;default&#8221; global_colors_info=&#8221;{}&#8221;][et_pb_image src=&#8221;https:\/\/thepurplecheck.llyc.global\/wp-content\/uploads\/2024\/02\/1_br_1-de-cada-5-noticias.svg&#8221; title_text=&#8221;1_br_m_1 de cada 5 noticias&#8221; force_fullwidth=&#8221;on&#8221; src_tablet=&#8221;https:\/\/thepurplecheck.llyc.global\/wp-content\/uploads\/2024\/02\/1_br_m_1-de-cada-5-noticias.svg&#8221; src_phone=&#8221;https:\/\/thepurplecheck.llyc.global\/wp-content\/uploads\/2024\/02\/1_br_m_1-de-cada-5-noticias.svg&#8221; src_last_edited=&#8221;on|phone&#8221; admin_label=&#8221;Imagen t\u00edtulo&#8221; _builder_version=&#8221;4.24.0&#8243; _module_preset=&#8221;default&#8221; custom_margin=&#8221;|||-20px|false|false&#8221; custom_margin_tablet=&#8221;|||auto|false|false&#8221; custom_margin_phone=&#8221;|||auto|false|false&#8221; custom_margin_last_edited=&#8221;on|desktop&#8221; global_colors_info=&#8221;{}&#8221;][\/et_pb_image][et_pb_text module_class=&#8221;texto-light&#8221; _builder_version=&#8221;4.24.0&#8243; _module_preset=&#8221;default&#8221; global_colors_info=&#8221;{}&#8221;]<\/p>\n<p>Na LLYC, acreditamos que, <strong>por meio dos Assuntos Corporativos e do Marketing, podemos promover o progresso social.<\/strong> \u00c9 por isso que, conscientes da igualdade de g\u00eanero, mais uma vez este ano estamos lan\u00e7ando uma iniciativa para que cada vez mais pessoas se envolvam em tornar a igualdade entre homens e mulheres uma realidade.<\/p>\n<p><strong>Nosso relat\u00f3rio &#8220;Unfocused&#8221; (Sem foco),<\/strong> sobre o tratamento de mensagens em m\u00eddia on-line e mensagens de m\u00eddia social, chega a uma conclus\u00e3o clara: ainda h\u00e1 trabalho a ser feito para garantir que a cobertura da m\u00eddia sobre viol\u00eancia baseada em g\u00eanero cumpra adequadamente as normas \u00e9ticas internacionais, e isso \u00e9 ainda mais acentuado em men\u00e7\u00f5es de m\u00eddia social.<\/p>\n<p>[\/et_pb_text][\/et_pb_column][et_pb_column type=&#8221;1_2&#8243; _builder_version=&#8221;4.24.0&#8243; _module_preset=&#8221;default&#8221; global_colors_info=&#8221;{}&#8221;][et_pb_image src=&#8221;https:\/\/thepurplecheck.llyc.global\/wp-content\/uploads\/2024\/02\/Frame-11492-3.png&#8221; title_text=&#8221;Frame 11492 (3)&#8221; force_fullwidth=&#8221;on&#8221; disabled_on=&#8221;on|on|off&#8221; _builder_version=&#8221;4.24.0&#8243; _module_preset=&#8221;default&#8221; global_colors_info=&#8221;{}&#8221;][\/et_pb_image][\/et_pb_column][\/et_pb_row][et_pb_row admin_label=&#8221;Intro 2 (Movil)&#8221; _builder_version=&#8221;4.24.0&#8243; _module_preset=&#8221;default&#8221; custom_padding=&#8221;0px||0px||false|false&#8221; global_colors_info=&#8221;{}&#8221;][et_pb_column type=&#8221;4_4&#8243; _builder_version=&#8221;4.24.0&#8243; _module_preset=&#8221;default&#8221; global_colors_info=&#8221;{}&#8221;][et_pb_image src=&#8221;https:\/\/thepurplecheck.llyc.global\/wp-content\/uploads\/2024\/02\/Intro-2.png&#8221; title_text=&#8221;Intro 2&#8243; force_fullwidth=&#8221;on&#8221; disabled_on=&#8221;off|off|on&#8221; admin_label=&#8221;Imagen &#8221; _builder_version=&#8221;4.24.0&#8243; _module_preset=&#8221;default&#8221; global_colors_info=&#8221;{}&#8221;][\/et_pb_image][\/et_pb_column][\/et_pb_row][et_pb_row column_structure=&#8221;1_2,1_2&#8243; make_equal=&#8221;on&#8221; custom_padding_last_edited=&#8221;on|desktop&#8221; admin_label=&#8221;Textos&#8221; _builder_version=&#8221;4.24.0&#8243; _module_preset=&#8221;default&#8221; custom_padding_tablet=&#8221;0px||0px||false|false&#8221; custom_padding_phone=&#8221;0px||0px||false|false&#8221; global_colors_info=&#8221;{}&#8221;][et_pb_column type=&#8221;1_2&#8243; _builder_version=&#8221;4.24.0&#8243; _module_preset=&#8221;default&#8221; custom_padding_tablet=&#8221;||0px||false|false&#8221; custom_padding_phone=&#8221;||0px||false|false&#8221; custom_padding_last_edited=&#8221;on|tablet&#8221; global_colors_info=&#8221;{}&#8221;][et_pb_image src=&#8221;https:\/\/thepurplecheck.llyc.global\/wp-content\/uploads\/2024\/02\/2_br_Los-medios-conciencian.svg&#8221; title_text=&#8221;2_br_Los medios conciencian&#8221; force_fullwidth=&#8221;on&#8221; src_tablet=&#8221;https:\/\/thepurplecheck.llyc.global\/wp-content\/uploads\/2024\/02\/2_br_m_Los-medios-conciencian.svg&#8221; src_phone=&#8221;https:\/\/thepurplecheck.llyc.global\/wp-content\/uploads\/2024\/02\/2_br_m_Los-medios-conciencian.svg&#8221; src_last_edited=&#8221;on|desktop&#8221; admin_label=&#8221;Imagen t\u00edtulo&#8221; module_class=&#8221;imagen-titulo&#8221; _builder_version=&#8221;4.24.0&#8243; _module_preset=&#8221;default&#8221; width_tablet=&#8221;100%&#8221; width_phone=&#8221;100%&#8221; width_last_edited=&#8221;on|desktop&#8221; max_width_tablet=&#8221;100%&#8221; max_width_phone=&#8221;100%&#8221; max_width_last_edited=&#8221;on|desktop&#8221; module_alignment=&#8221;left&#8221; custom_margin=&#8221;||||false|false&#8221; custom_margin_tablet=&#8221;|0px||0px|false|false&#8221; custom_margin_phone=&#8221;|0px||0px|false|false&#8221; custom_margin_last_edited=&#8221;on|tablet&#8221; custom_padding_tablet=&#8221;|0px||0px|false|false&#8221; custom_padding_phone=&#8221;|0px||0px|false|false&#8221; custom_padding_last_edited=&#8221;on|tablet&#8221; module_alignment_tablet=&#8221;center&#8221; module_alignment_phone=&#8221;center&#8221; module_alignment_last_edited=&#8221;on|tablet&#8221; global_colors_info=&#8221;{}&#8221;][\/et_pb_image][et_pb_text module_class=&#8221;texto-medium&#8221; _builder_version=&#8221;4.24.0&#8243; _module_preset=&#8221;default&#8221; custom_margin_tablet=&#8221;||0px||false|false&#8221; custom_margin_phone=&#8221;||0px||false|false&#8221; custom_margin_last_edited=&#8221;on|tablet&#8221; custom_padding=&#8221;||0px||false|false&#8221; global_colors_info=&#8221;{}&#8221;]<\/p>\n<p>Nesse caminho de azulejos roxos, a m\u00eddia <strong>desempenha um papel fundamental na sociedade<\/strong> para promover mudan\u00e7as reais. Seu trabalho informativo tem um grande impacto na forma\u00e7\u00e3o de nossos pensamentos e opini\u00f5es,<strong> influenciando diretamente as estruturas e os sistemas sociais.<\/strong><\/p>\n<p>[\/et_pb_text][et_pb_text module_class=&#8221;texto-light&#8221; _builder_version=&#8221;4.24.0&#8243; _module_preset=&#8221;default&#8221; custom_margin_tablet=&#8221;||0px||false|false&#8221; custom_margin_phone=&#8221;||0px||false|false&#8221; custom_margin_last_edited=&#8221;on|tablet&#8221; custom_padding_tablet=&#8221;||0px||false|false&#8221; custom_padding_phone=&#8221;||0px||false|false&#8221; custom_padding_last_edited=&#8221;on|tablet&#8221; global_colors_info=&#8221;{}&#8221;]<\/p>\n<p>\u00c9 por isso que, por ocasi\u00e3o <strong>do 8 de mar\u00e7o, Dia Internacional da Mulher,<\/strong> estamos promovendo uma iniciativa sobre o <strong>tratamento na m\u00eddia on-line e nas mensagens em redes sociais do uso da linguagem<\/strong> e na qual analisamos o preconceito e o poder que isso exerce sobre o p\u00fablico em rela\u00e7\u00e3o \u00e0 <strong>machismo, pap\u00e9is e estere\u00f3tipos sociais.<\/strong><\/p>\n<p>[\/et_pb_text][\/et_pb_column][et_pb_column type=&#8221;1_2&#8243; _builder_version=&#8221;4.24.0&#8243; _module_preset=&#8221;default&#8221; custom_padding_tablet=&#8221;||0px||false|false&#8221; custom_padding_phone=&#8221;||0px||false|false&#8221; custom_padding_last_edited=&#8221;on|tablet&#8221; global_colors_info=&#8221;{}&#8221;][et_pb_image src=&#8221;https:\/\/thepurplecheck.llyc.global\/wp-content\/uploads\/2024\/02\/Frame-11493-2.png&#8221; title_text=&#8221;Frame 11493 (2)&#8221; force_fullwidth=&#8221;on&#8221; disabled_on=&#8221;on|on|off&#8221; _builder_version=&#8221;4.24.0&#8243; _module_preset=&#8221;default&#8221; global_colors_info=&#8221;{}&#8221;][\/et_pb_image][et_pb_image src=&#8221;https:\/\/thepurplecheck.llyc.global\/wp-content\/uploads\/2024\/03\/THC_circulo.svg&#8221; title_text=&#8221;THC_circulo&#8221; align=&#8221;right&#8221; disabled_on=&#8221;on|on|off&#8221; _builder_version=&#8221;4.24.0&#8243; _module_preset=&#8221;default&#8221; width=&#8221;50%&#8221; max_width=&#8221;50%&#8221; module_alignment=&#8221;right&#8221; global_colors_info=&#8221;{}&#8221;][\/et_pb_image][\/et_pb_column][\/et_pb_row][\/et_pb_section][et_pb_section fb_built=&#8221;1&#8243; custom_padding_last_edited=&#8221;on|desktop&#8221; admin_label=&#8221;Bloque negro&#8221; _builder_version=&#8221;4.24.0&#8243; _module_preset=&#8221;default&#8221; background_color=&#8221;#000000&#8243; background_image=&#8221;https:\/\/thepurplecheck.llyc.global\/wp-content\/uploads\/2024\/02\/10-1.png&#8221; custom_padding_tablet=&#8221;0px||||false|false&#8221; custom_padding_phone=&#8221;0px||||false|false&#8221; global_colors_info=&#8221;{}&#8221;][et_pb_row disabled_on=&#8221;off|off|on&#8221; _builder_version=&#8221;4.24.0&#8243; _module_preset=&#8221;default&#8221; custom_margin=&#8221;0px||0px||false|false&#8221; custom_padding=&#8221;0px||0px||false|false&#8221; global_colors_info=&#8221;{}&#8221;][et_pb_column type=&#8221;4_4&#8243; _builder_version=&#8221;4.24.0&#8243; _module_preset=&#8221;default&#8221; global_colors_info=&#8221;{}&#8221;][et_pb_image src=&#8221;https:\/\/thepurplecheck.llyc.global\/wp-content\/uploads\/2024\/02\/image-2.png&#8221; title_text=&#8221;image 2&#8243; align=&#8221;center&#8221; disabled_on=&#8221;off|off|off&#8221; _builder_version=&#8221;4.24.0&#8243; _module_preset=&#8221;default&#8221; width=&#8221;40%&#8221; custom_margin=&#8221;0px||0px||false|false&#8221; custom_padding=&#8221;0px||0px||false|false&#8221; global_colors_info=&#8221;{}&#8221;][\/et_pb_image][\/et_pb_column][\/et_pb_row][et_pb_row custom_padding_last_edited=&#8221;on|tablet&#8221; _builder_version=&#8221;4.24.0&#8243; _module_preset=&#8221;default&#8221; custom_padding_tablet=&#8221;0px||0px||false|false&#8221; custom_padding_phone=&#8221;0px||0px||false|false&#8221; global_colors_info=&#8221;{}&#8221;][et_pb_column type=&#8221;4_4&#8243; _builder_version=&#8221;4.24.0&#8243; _module_preset=&#8221;default&#8221; global_colors_info=&#8221;{}&#8221;][et_pb_image src=&#8221;https:\/\/thepurplecheck.llyc.global\/wp-content\/uploads\/2024\/02\/3_br_La-violencia-de-genero.svg&#8221; title_text=&#8221;3_br_La violencia de genero&#8221; align=&#8221;center&#8221; src_tablet=&#8221;https:\/\/thepurplecheck.llyc.global\/wp-content\/uploads\/2024\/02\/3_br_m_La-violencia-de-genero.svg&#8221; src_phone=&#8221;https:\/\/thepurplecheck.llyc.global\/wp-content\/uploads\/2024\/02\/3_br_m_La-violencia-de-genero.svg&#8221; src_last_edited=&#8221;on|desktop&#8221; admin_label=&#8221;Imagen t\u00edtulo&#8221; module_class=&#8221;imagen-titulo&#8221; _builder_version=&#8221;4.24.0&#8243; _module_preset=&#8221;default&#8221; global_colors_info=&#8221;{}&#8221;][\/et_pb_image][\/et_pb_column][\/et_pb_row][et_pb_row column_structure=&#8221;1_3,1_3,1_3&#8243; custom_padding_last_edited=&#8221;on|desktop&#8221; disabled_on=&#8221;on|on|off&#8221; module_class=&#8221;fila_20_40_40&#8243; _builder_version=&#8221;4.24.0&#8243; _module_preset=&#8221;default&#8221; custom_margin_tablet=&#8221;0px||||false|false&#8221; custom_margin_phone=&#8221;0px||||false|false&#8221; custom_margin_last_edited=&#8221;on|tablet&#8221; custom_padding_tablet=&#8221;0px||||false|false&#8221; custom_padding_phone=&#8221;0px||||false|false&#8221; global_colors_info=&#8221;{}&#8221;][et_pb_column type=&#8221;1_3&#8243; _builder_version=&#8221;4.24.0&#8243; _module_preset=&#8221;default&#8221; global_colors_info=&#8221;{}&#8221;][et_pb_image src=&#8221;https:\/\/thepurplecheck.llyc.global\/wp-content\/uploads\/2024\/02\/logo_tpc.png&#8221; title_text=&#8221;logo_tpc&#8221; disabled_on=&#8221;on|on|off&#8221; _builder_version=&#8221;4.24.0&#8243; _module_preset=&#8221;default&#8221; global_colors_info=&#8221;{}&#8221;][\/et_pb_image][\/et_pb_column][et_pb_column type=&#8221;1_3&#8243; _builder_version=&#8221;4.24.0&#8243; _module_preset=&#8221;default&#8221; global_colors_info=&#8221;{}&#8221;][et_pb_text admin_label=&#8221;Titulo&#8221; module_class=&#8221;titulo-claro&#8221; _builder_version=&#8221;4.24.0&#8243; _module_preset=&#8221;default&#8221; border_width_bottom_tablet=&#8221;2px&#8221; border_width_bottom_phone=&#8221;2px&#8221; border_width_bottom_last_edited=&#8221;on|tablet&#8221; border_color_bottom_tablet=&#8221;#FFFFFF&#8221; border_color_bottom_phone=&#8221;#FFFFFF&#8221; border_color_bottom_last_edited=&#8221;on|tablet&#8221; global_colors_info=&#8221;{}&#8221;]<\/p>\n<h2>Podemos ajudar<br \/>a mudar a situa\u00e7\u00e3o?<\/h2>\n<p>[\/et_pb_text][et_pb_text module_class=&#8221;texto-light claro&#8221; _builder_version=&#8221;4.24.0&#8243; _module_preset=&#8221;default&#8221; global_colors_info=&#8221;{}&#8221;]<\/p>\n<p>Assim <strong>nasceu a ideia de criar o The Purple Check,<\/strong> uma contribui\u00e7\u00e3o da LLYC para a m\u00eddia e para o p\u00fablico em geral, com o objetivo de alterar os dados do nosso relat\u00f3rio <strong>&#8220;Out of Focus&#8221;.<\/strong><\/p>\n<p><strong>Uma intelig\u00eancia artificial destinada a detectar preconceitos na linguagem<\/strong> que verificar\u00e1 as palavras usadas em qualquer manchete que apresentarmos. Ela <strong>analisar\u00e1 a exist\u00eancia de preconceito<\/strong> e far\u00e1 uma recomenda\u00e7\u00e3o sobre como dizer a mesma coisa para informar sem promover a desigualdade e, assim, trazer o foco de volta \u00e0 comunica\u00e7\u00e3o.<\/p>\n<p>[\/et_pb_text][\/et_pb_column][et_pb_column type=&#8221;1_3&#8243; _builder_version=&#8221;4.24.0&#8243; _module_preset=&#8221;default&#8221; global_colors_info=&#8221;{}&#8221;][et_pb_text disabled_on=&#8221;on|on|off&#8221; module_class=&#8221;titulo-claro invisible&#8221; _builder_version=&#8221;4.24.0&#8243; _module_preset=&#8221;default&#8221; header_2_text_color=&#8221;RGBA(255,255,255,0)&#8221; border_width_bottom_tablet=&#8221;2px&#8221; border_width_bottom_phone=&#8221;2px&#8221; border_width_bottom_last_edited=&#8221;on|tablet&#8221; border_color_bottom_tablet=&#8221;#FFFFFF&#8221; border_color_bottom_phone=&#8221;#FFFFFF&#8221; border_color_bottom_last_edited=&#8221;on|tablet&#8221; global_colors_info=&#8221;{}&#8221;]<\/p>\n<h2>Podemos ajudar<br \/>\na mudar a situa\u00e7\u00e3o? <\/h2>\n<p>[\/et_pb_text][et_pb_text module_class=&#8221;texto-light claro&#8221; _builder_version=&#8221;4.24.0&#8243; _module_preset=&#8221;default&#8221; global_colors_info=&#8221;{}&#8221;]<\/p>\n<p>Todos n\u00f3s adquirimos preconceitos e h\u00e1bitos. \u00c9 por isso que, enquanto tentamos mud\u00e1-los, estamos lan\u00e7ando <strong>uma ferramenta que complementa nosso relat\u00f3rio, dispon\u00edvel para todos<\/strong>, que nos ajuda a aumentar a conscientiza\u00e7\u00e3o sobre o<strong> foco das not\u00edcias sobre viol\u00eancia de g\u00eanero<\/strong> e envia uma mensagem sobre a import\u00e2ncia de uma vis\u00e3o de igualdade, tanto para quem gera a informa\u00e7\u00e3o quanto para quem a recebe.<\/p>\n<p>[\/et_pb_text][\/et_pb_column][\/et_pb_row][et_pb_row column_structure=&#8221;1_2,1_2&#8243; custom_padding_last_edited=&#8221;on|desktop&#8221; disabled_on=&#8221;off|off|on&#8221; admin_label=&#8221;Fila movil&#8221; module_class=&#8221;fila_20_40_40&#8243; _builder_version=&#8221;4.24.0&#8243; _module_preset=&#8221;default&#8221; custom_margin_tablet=&#8221;20px||||false|false&#8221; custom_margin_phone=&#8221;0px||||false|false&#8221; custom_margin_last_edited=&#8221;on|tablet&#8221; custom_padding_tablet=&#8221;0px||||false|false&#8221; custom_padding_phone=&#8221;0px||||false|false&#8221; global_colors_info=&#8221;{}&#8221;][et_pb_column type=&#8221;1_2&#8243; _builder_version=&#8221;4.24.0&#8243; _module_preset=&#8221;default&#8221; global_colors_info=&#8221;{}&#8221;][et_pb_text admin_label=&#8221;Titulo&#8221; module_class=&#8221;titulo-claro&#8221; _builder_version=&#8221;4.24.0&#8243; _module_preset=&#8221;default&#8221; custom_padding_tablet=&#8221;20px||||false|false&#8221; custom_padding_phone=&#8221;20px||||false|false&#8221; custom_padding_last_edited=&#8221;on|tablet&#8221; border_width_bottom_tablet=&#8221;2px&#8221; border_width_bottom_phone=&#8221;2px&#8221; border_width_bottom_last_edited=&#8221;on|tablet&#8221; border_color_bottom_tablet=&#8221;#FFFFFF&#8221; border_color_bottom_phone=&#8221;#FFFFFF&#8221; border_color_bottom_last_edited=&#8221;on|tablet&#8221; global_colors_info=&#8221;{}&#8221;]<\/p>\n<h2>Podemos ajudar<br \/>\na mudar a situa\u00e7\u00e3o?<\/h2>\n<p>[\/et_pb_text][et_pb_text module_class=&#8221;texto-light claro&#8221; _builder_version=&#8221;4.24.0&#8243; _module_preset=&#8221;default&#8221; global_colors_info=&#8221;{}&#8221;]<\/p>\n<p>Assim <strong>nasceu a ideia de criar o The Purple Check,<\/strong> uma contribui\u00e7\u00e3o da LLYC para a m\u00eddia e para o p\u00fablico em geral, com o objetivo de alterar os dados do nosso relat\u00f3rio <strong>&#8220;Out of Focus&#8221;.<\/strong><\/p>\n<p><strong>Uma intelig\u00eancia artificial destinada a detectar preconceitos na linguagem<\/strong> que verificar\u00e1 as palavras usadas em qualquer manchete que apresentarmos. Ela <strong>analisar\u00e1 a exist\u00eancia de preconceito<\/strong> e far\u00e1 uma recomenda\u00e7\u00e3o sobre como dizer a mesma coisa para informar sem promover a desigualdade e, assim, trazer o foco de volta \u00e0 comunica\u00e7\u00e3o.<\/p>\n<p>[\/et_pb_text][\/et_pb_column][et_pb_column type=&#8221;1_2&#8243; _builder_version=&#8221;4.24.0&#8243; _module_preset=&#8221;default&#8221; global_colors_info=&#8221;{}&#8221;][et_pb_text disabled_on=&#8221;on|on|off&#8221; module_class=&#8221;titulo-claro&#8221; _builder_version=&#8221;4.24.0&#8243; _module_preset=&#8221;default&#8221; header_2_text_color=&#8221;RGBA(255,255,255,0)&#8221; border_width_bottom_tablet=&#8221;2px&#8221; border_width_bottom_phone=&#8221;2px&#8221; border_width_bottom_last_edited=&#8221;on|tablet&#8221; border_color_bottom_tablet=&#8221;#FFFFFF&#8221; border_color_bottom_phone=&#8221;#FFFFFF&#8221; border_color_bottom_last_edited=&#8221;on|tablet&#8221; global_colors_info=&#8221;{}&#8221;]<\/p>\n<h2>Podemos ajudar<br \/>\na mudar a situa\u00e7\u00e3o?<\/h2>\n<p>[\/et_pb_text][et_pb_text module_class=&#8221;texto-light claro&#8221; _builder_version=&#8221;4.24.0&#8243; _module_preset=&#8221;default&#8221; global_colors_info=&#8221;{}&#8221;]<\/p>\n<p>Todos n\u00f3s adquirimos preconceitos e h\u00e1bitos. \u00c9 por isso que, enquanto tentamos mud\u00e1-los, estamos lan\u00e7ando <strong>uma ferramenta que complementa nosso relat\u00f3rio, dispon\u00edvel para todos<\/strong>, que nos ajuda a aumentar a conscientiza\u00e7\u00e3o sobre o<strong> foco das not\u00edcias sobre viol\u00eancia de g\u00eanero<\/strong> e envia uma mensagem sobre a import\u00e2ncia de uma vis\u00e3o de igualdade, tanto para quem gera a informa\u00e7\u00e3o quanto para quem a recebe.<\/p>\n<p>[\/et_pb_text][\/et_pb_column][\/et_pb_row][\/et_pb_section][et_pb_section fb_built=&#8221;1&#8243; custom_padding_last_edited=&#8221;on|tablet&#8221; admin_label=&#8221;La Herramienta&#8221; module_id=&#8221;herramienta&#8221; _builder_version=&#8221;4.24.0&#8243; _module_preset=&#8221;default&#8221; background_color=&#8221;RGBA(255,255,255,0)&#8221; background_enable_image=&#8221;off&#8221; background_size=&#8221;custom&#8221; background_image_width=&#8221;100%&#8221; background_position=&#8221;top_center&#8221; background_repeat=&#8221;repeat-y&#8221; custom_padding_tablet=&#8221;||0px||false|false&#8221; custom_padding_phone=&#8221;||0px||false|false&#8221; global_colors_info=&#8221;{}&#8221;][et_pb_row custom_padding_last_edited=&#8221;on|tablet&#8221; _builder_version=&#8221;4.24.0&#8243; _module_preset=&#8221;default&#8221; custom_margin_tablet=&#8221;||0px||false|false&#8221; custom_margin_phone=&#8221;||0px||false|false&#8221; custom_margin_last_edited=&#8221;on|tablet&#8221; custom_padding=&#8221;||0px||false|false&#8221; custom_padding_tablet=&#8221;0px||0px||false|false&#8221; custom_padding_phone=&#8221;0px||0px||false|false&#8221; global_colors_info=&#8221;{}&#8221;][et_pb_column type=&#8221;4_4&#8243; _builder_version=&#8221;4.24.0&#8243; _module_preset=&#8221;default&#8221; global_colors_info=&#8221;{}&#8221;][et_pb_image src=&#8221;https:\/\/thepurplecheck.llyc.global\/wp-content\/uploads\/2024\/02\/4_br_La-asesinada-fue-violada.svg&#8221; title_text=&#8221;4_br_m_La asesinada fue violada&#8221; align=&#8221;center&#8221; src_tablet=&#8221;https:\/\/thepurplecheck.llyc.global\/wp-content\/uploads\/2024\/02\/4_br_m_La-asesinada-fue-violada.svg&#8221; src_phone=&#8221;https:\/\/thepurplecheck.llyc.global\/wp-content\/uploads\/2024\/02\/4_br_m_La-asesinada-fue-violada.svg&#8221; src_last_edited=&#8221;on|phone&#8221; align_tablet=&#8221;center&#8221; align_phone=&#8221;center&#8221; align_last_edited=&#8221;on|tablet&#8221; admin_label=&#8221;Imagen t\u00edtulo&#8221; module_class=&#8221;imagen-titulo&#8221; _builder_version=&#8221;4.24.0&#8243; _module_preset=&#8221;default&#8221; custom_margin_tablet=&#8221;||0px||false|false&#8221; custom_margin_phone=&#8221;||0px||false|false&#8221; custom_margin_last_edited=&#8221;on|tablet&#8221; custom_padding=&#8221;||0px||false|false&#8221; custom_padding_tablet=&#8221;0px||0px||false|false&#8221; custom_padding_phone=&#8221;0px||0px||false|false&#8221; custom_padding_last_edited=&#8221;on|tablet&#8221; global_colors_info=&#8221;{}&#8221;][\/et_pb_image][\/et_pb_column][\/et_pb_row][et_pb_row column_structure=&#8221;2_5,3_5&#8243; use_custom_gutter=&#8221;on&#8221; gutter_width=&#8221;4&#8243; make_equal=&#8221;on&#8221; custom_padding_last_edited=&#8221;on|tablet&#8221; _builder_version=&#8221;4.24.0&#8243; _module_preset=&#8221;default&#8221; custom_margin_tablet=&#8221;||0px||false|false&#8221; custom_margin_phone=&#8221;||0px||false|false&#8221; custom_margin_last_edited=&#8221;on|tablet&#8221; custom_padding_tablet=&#8221;0px||0px||false|false&#8221; custom_padding_phone=&#8221;0px||0px||false|false&#8221; global_colors_info=&#8221;{}&#8221;][et_pb_column type=&#8221;2_5&#8243; _builder_version=&#8221;4.24.0&#8243; _module_preset=&#8221;default&#8221; global_colors_info=&#8221;{}&#8221;][et_pb_text admin_label=&#8221;Titulo&#8221; _builder_version=&#8221;4.24.0&#8243; _module_preset=&#8221;default&#8221; custom_margin_tablet=&#8221;||0px||false|false&#8221; custom_margin_phone=&#8221;||0px||false|false&#8221; custom_margin_last_edited=&#8221;on|tablet&#8221; custom_padding_tablet=&#8221;0px||0px||false|false&#8221; custom_padding_phone=&#8221;0px||0px||false|false&#8221; custom_padding_last_edited=&#8221;on|tablet&#8221; global_colors_info=&#8221;{}&#8221;]<\/p>\n<h2>Como us\u00e1-lo?<\/h2>\n<p>[\/et_pb_text][et_pb_text admin_label=&#8221;Pasos&#8221; module_class=&#8221;listado texto-light&#8221; _builder_version=&#8221;4.24.0&#8243; _module_preset=&#8221;default&#8221; custom_margin_tablet=&#8221;||0px||false|false&#8221; custom_margin_phone=&#8221;||0px||false|false&#8221; custom_margin_last_edited=&#8221;on|tablet&#8221; custom_padding_tablet=&#8221;0px||0px||false|false&#8221; custom_padding_phone=&#8221;0px||0px||false|false&#8221; custom_padding_last_edited=&#8221;on|tablet&#8221; global_colors_info=&#8221;{}&#8221;]<\/p>\n<ol>\n<li>Digite o t\u00edtulo ou o texto que deseja analisar e clique no bot\u00e3o roxo de verifica\u00e7\u00e3o.<\/li>\n<li>Aguarde alguns segundos para que a ferramenta analise as palavras.<\/li>\n<li>Descubra o resultado.<\/li>\n<li>Se a ferramenta detectar preconceito, voc\u00ea ver\u00e1 uma recomenda\u00e7\u00e3o sobre como dizer a mesma coisa sem desigualdade na linguagem usada.<\/li>\n<\/ol>\n<p>[\/et_pb_text][\/et_pb_column][et_pb_column type=&#8221;3_5&#8243; _builder_version=&#8221;4.24.0&#8243; _module_preset=&#8221;default&#8221; global_colors_info=&#8221;{}&#8221;][et_pb_code admin_label=&#8221;C\u00f3digo IA&#8221; _builder_version=&#8221;4.24.0&#8243; _module_preset=&#8221;default&#8221; min_height=&#8221;100%&#8221; height=&#8221;100%&#8221; custom_css_free_form=&#8221;||||.et_pb_code_inner{||  height: 100%;||  ||}||||#igualdad-ai {||  height: 100%;||}||&#8221; global_colors_info=&#8221;{}&#8221;]<\/p>\n<div id=\"igualdad-ai\"><\/div>\n<p>[\/et_pb_code][\/et_pb_column][\/et_pb_row][\/et_pb_section][et_pb_section fb_built=&#8221;1&#8243; custom_padding_last_edited=&#8221;on|desktop&#8221; admin_label=&#8221;Estudio&#8221; module_id=&#8221;informe&#8221; _builder_version=&#8221;4.24.0&#8243; _module_preset=&#8221;default&#8221; background_color=&#8221;#000000&#8243; background_enable_image=&#8221;off&#8221; background_size=&#8221;custom&#8221; background_image_width=&#8221;100%&#8221; background_image_height=&#8221;20%&#8221; background_position=&#8221;top_center&#8221; background_repeat=&#8221;repeat&#8221; custom_padding=&#8221;0px||0px||false|false&#8221; custom_padding_tablet=&#8221;0px||||false|false&#8221; custom_padding_phone=&#8221;0px||||false|false&#8221; global_colors_info=&#8221;{}&#8221;][et_pb_row custom_padding_last_edited=&#8221;on|desktop&#8221; module_class=&#8221;titulo-imagen-fondo&#8221; _builder_version=&#8221;4.24.0&#8243; _module_preset=&#8221;default&#8221; module_alignment=&#8221;center&#8221; custom_padding=&#8221;0px||0px||false|false&#8221; custom_padding_tablet=&#8221;60px||40px||false|false&#8221; custom_padding_phone=&#8221;60px||40px||false|false&#8221; global_colors_info=&#8221;{}&#8221;][et_pb_column type=&#8221;4_4&#8243; _builder_version=&#8221;4.24.0&#8243; _module_preset=&#8221;default&#8221; global_colors_info=&#8221;{}&#8221;][et_pb_image src=&#8221;https:\/\/thepurplecheck.llyc.global\/wp-content\/uploads\/2024\/02\/5_br_Cada-30-noticias.svg&#8221; title_text=&#8221;5_br_Cada 30 noticias&#8221; align=&#8221;center&#8221; force_fullwidth=&#8221;on&#8221; src_tablet=&#8221;https:\/\/thepurplecheck.llyc.global\/wp-content\/uploads\/2024\/02\/5_br_m_Cada-30-noticias.svg&#8221; src_phone=&#8221;https:\/\/thepurplecheck.llyc.global\/wp-content\/uploads\/2024\/02\/5_br_m_Cada-30-noticias.svg&#8221; src_last_edited=&#8221;on|desktop&#8221; admin_label=&#8221;Imagen t\u00edtulo&#8221; _builder_version=&#8221;4.24.0&#8243; _module_preset=&#8221;default&#8221; module_alignment=&#8221;center&#8221; custom_padding=&#8221;100px||100px||false|false&#8221; custom_padding_tablet=&#8221;0px||0px||false|false&#8221; custom_padding_phone=&#8221;0px||0px||false|false&#8221; custom_padding_last_edited=&#8221;on|desktop&#8221; global_colors_info=&#8221;{}&#8221;][\/et_pb_image][\/et_pb_column][\/et_pb_row][\/et_pb_section][et_pb_section fb_built=&#8221;1&#8243; admin_label=&#8221;Estudio oscuro&#8221; module_id=&#8221;informe&#8221; _builder_version=&#8221;4.24.0&#8243; _module_preset=&#8221;default&#8221; background_image=&#8221;https:\/\/thepurplecheck.llyc.global\/wp-content\/uploads\/2024\/02\/fondo_oscuro_2.jpg&#8221; global_colors_info=&#8221;{}&#8221;][et_pb_row column_structure=&#8221;1_2,1_2&#8243; _builder_version=&#8221;4.24.0&#8243; _module_preset=&#8221;default&#8221; global_colors_info=&#8221;{}&#8221;][et_pb_column type=&#8221;1_2&#8243; _builder_version=&#8221;4.24.0&#8243; _module_preset=&#8221;default&#8221; global_colors_info=&#8221;{}&#8221;][et_pb_text module_class=&#8221;texto-grande &#8221; _builder_version=&#8221;4.24.0&#8243; _module_preset=&#8221;default&#8221; global_colors_info=&#8221;{}&#8221;]<strong>Ainda h\u00e1 trabalho a ser feito para garantir que a cobertura da m\u00eddia relacionada \u00e0 viol\u00eancia de g\u00eanero cumpra adequadamente as regras \u00e9ticas internacionais.<\/strong> <\/p>\n<p><strong><span>Por esse motivo,<\/span> todos os anos, a partir da \u00e1rea de conhecimento, realizamos estudos em <span>12 pa\u00edses,<\/span> gra\u00e7as \u00e0s capacidades de nossos profissionais em metodologias de Deep Learning e Data Analytics. Neste relat\u00f3rio, analisamos a conversa social de mais de <span>226,2 milh\u00f5es de not\u00edcias, 5,4 milh\u00f5es delas sobre viol\u00eancia de g\u00eanero e 14 milh\u00f5es de mensagens sobre X relacionadas \u00e0 viol\u00eancia de g\u00eanero.<\/span><\/strong>[\/et_pb_text][\/et_pb_column][et_pb_column type=&#8221;1_2&#8243; _builder_version=&#8221;4.24.0&#8243; _module_preset=&#8221;default&#8221; global_colors_info=&#8221;{}&#8221;][et_pb_text module_class=&#8221;texto-light claro&#8221; _builder_version=&#8221;4.24.0&#8243; _module_preset=&#8221;default&#8221; custom_padding=&#8221;||||false|false&#8221; global_colors_info=&#8221;{}&#8221;]A pesquisa utilizou Modelos de Linguagem Ampla (LLMs &#8211; GPT4) para identificar e isolar descritores de v\u00edtimas e infratores em not\u00edcias p\u00fablicas obtidas por meio de modelos scrapers, bem como t\u00e9cnicas de Processamento de Linguagem Natural (PLN) em 4 idiomas para analisar a conformidade com 21 regras de boas pr\u00e1ticas derivadas da Rede Mediterr\u00e2nea de Autoridades Regulat\u00f3rias (MNRA) e das diretrizes do Programa das Na\u00e7\u00f5es Unidas para o Desenvolvimento (PNUD).<br \/>\nNossa contribui\u00e7\u00e3o, baseada em inova\u00e7\u00e3o e em nosso pr\u00f3prio modelo de IA, concentra-se em tornar as realidades vis\u00edveis e projetar ferramentas que aumentem a conscientiza\u00e7\u00e3o sobre problemas sociais, como a viol\u00eancia de g\u00eanero, propondo em nossos relat\u00f3rios um tratamento mais objetivo, equilibrado e justo das informa\u00e7\u00f5es que s\u00e3o livremente acess\u00edveis a qualquer pessoa. [\/et_pb_text][\/et_pb_column][\/et_pb_row][et_pb_row custom_padding_last_edited=&#8221;on|tablet&#8221; _builder_version=&#8221;4.24.0&#8243; _module_preset=&#8221;default&#8221; custom_padding_tablet=&#8221;0px||||false|false&#8221; custom_padding_phone=&#8221;0px||||false|false&#8221; global_colors_info=&#8221;{}&#8221;][et_pb_column type=&#8221;4_4&#8243; _builder_version=&#8221;4.24.0&#8243; _module_preset=&#8221;default&#8221; global_colors_info=&#8221;{}&#8221;][et_pb_text admin_label=&#8221;Descargar &#8221; module_id=&#8221;descarga&#8221; module_class=&#8221;btn-descarga&#8221; _builder_version=&#8221;4.24.0&#8243; _module_preset=&#8221;default&#8221; text_orientation=&#8221;center&#8221; custom_margin_tablet=&#8221;||15px||false|false&#8221; custom_margin_phone=&#8221;||15px||false|false&#8221; custom_margin_last_edited=&#8221;on|tablet&#8221; custom_padding_tablet=&#8221;||||false|false&#8221; custom_padding_phone=&#8221;||||false|false&#8221; custom_padding_last_edited=&#8221;on|tablet&#8221; global_colors_info=&#8221;{}&#8221; disabled_on=&#8221;on|on|on&#8221; disabled=&#8221;on&#8221;]<\/p>\n<p>DOWNLOAD DO RELAT\u00d3RIO COMPLETO<\/p>\n<p>[\/et_pb_text][et_pb_text admin_label=&#8221;Descargar &#8221; module_class=&#8221;btn-descarga&#8221; _builder_version=&#8221;4.24.0&#8243; _module_preset=&#8221;default&#8221; text_orientation=&#8221;center&#8221; custom_margin_tablet=&#8221;||15px||false|false&#8221; custom_margin_phone=&#8221;||15px||false|false&#8221; custom_margin_last_edited=&#8221;on|tablet&#8221; custom_padding_tablet=&#8221;||||false|false&#8221; custom_padding_phone=&#8221;||||false|false&#8221; custom_padding_last_edited=&#8221;on|tablet&#8221; hover_enabled=&#8221;0&#8243; global_colors_info=&#8221;{}&#8221; link_option_url=&#8221;https:\/\/llyc.global\/wp-content\/uploads\/2024\/11\/2024_INFORME_IGUALDAD_MUJERES_DESENFOCADAS_2024_BR.pdf&#8221; link_option_url_new_window=&#8221;on&#8221; sticky_enabled=&#8221;0&#8243;]<\/p>\n<p>DOWNLOAD DO RELAT\u00d3RIO COMPLETO<\/p>\n<p>[\/et_pb_text][et_pb_text admin_label=&#8221;Texto&#8221; module_class=&#8221;claro texto-light-boton&#8221; _builder_version=&#8221;4.24.0&#8243; _module_preset=&#8221;default&#8221; text_font=&#8221;||||||||&#8221; text_orientation=&#8221;center&#8221; global_colors_info=&#8221;{}&#8221;]E descubra como fizemos isso.[\/et_pb_text][\/et_pb_column][\/et_pb_row][\/et_pb_section][et_pb_section fb_built=&#8221;1&#8243; custom_padding_last_edited=&#8221;on|desktop&#8221; admin_label=&#8221;Secci\u00f3n popup&#8221; module_id=&#8221;popup&#8221; module_class=&#8221;oculto&#8221; _builder_version=&#8221;4.24.0&#8243; _module_preset=&#8221;default&#8221; background_color=&#8221;#f9f7ee&#8221; width=&#8221;80%&#8221; module_alignment=&#8221;center&#8221; custom_margin=&#8221;0px||0px||false|false&#8221; custom_padding=&#8221;0px||0px||false|false&#8221; custom_padding_tablet=&#8221;25px||||false|false&#8221; custom_padding_phone=&#8221;25px||||false|false&#8221; border_radii=&#8221;on|24px|24px|24px|24px&#8221; box_shadow_style=&#8221;preset2&#8243; collapsed=&#8221;off&#8221; global_colors_info=&#8221;{}&#8221;][et_pb_row custom_padding_last_edited=&#8221;on|tablet&#8221; _builder_version=&#8221;4.24.0&#8243; _module_preset=&#8221;default&#8221; width=&#8221;90%&#8221; custom_margin_tablet=&#8221;0px||0px||false|false&#8221; custom_margin_phone=&#8221;0px||0px||false|false&#8221; custom_margin_last_edited=&#8221;on|tablet&#8221; custom_padding=&#8221;0px||||false|false&#8221; custom_padding_tablet=&#8221;||0px||false|false&#8221; custom_padding_phone=&#8221;||0px||false|false&#8221; global_colors_info=&#8221;{}&#8221;][et_pb_column type=&#8221;4_4&#8243; _builder_version=&#8221;4.24.0&#8243; _module_preset=&#8221;default&#8221; global_colors_info=&#8221;{}&#8221;][et_pb_button button_text=&#8221;Cerrar&#8221; button_alignment=&#8221;right&#8221; module_id=&#8221;cerrar-popup&#8221; module_class=&#8221;cerrar-popup&#8221; _builder_version=&#8221;4.24.0&#8243; _module_preset=&#8221;default&#8221; custom_button=&#8221;on&#8221; button_use_icon=&#8221;off&#8221; custom_margin=&#8221;0px||||false|false&#8221; global_colors_info=&#8221;{}&#8221;][\/et_pb_button][\/et_pb_column][\/et_pb_row][et_pb_row column_structure=&#8221;2_5,3_5&#8243; make_equal=&#8221;on&#8221; _builder_version=&#8221;4.24.0&#8243; _module_preset=&#8221;default&#8221; custom_margin_tablet=&#8221;0px||0px||false|false&#8221; custom_margin_phone=&#8221;0px||0px||false|false&#8221; custom_margin_last_edited=&#8221;on|tablet&#8221; custom_padding=&#8221;0px||0px||false|false&#8221; global_colors_info=&#8221;{}&#8221;][et_pb_column type=&#8221;2_5&#8243; _builder_version=&#8221;4.24.0&#8243; _module_preset=&#8221;default&#8221; global_colors_info=&#8221;{}&#8221;][et_pb_image src=&#8221;https:\/\/thepurplecheck.llyc.global\/wp-content\/uploads\/2024\/02\/image-5-3.png&#8221; title_text=&#8221;image 5 (3)&#8221; disabled_on=&#8221;on|on|off&#8221; _builder_version=&#8221;4.24.0&#8243; _module_preset=&#8221;default&#8221; global_colors_info=&#8221;{}&#8221;][\/et_pb_image][et_pb_text module_class=&#8221;titulo&#8221; _builder_version=&#8221;4.24.0&#8243; _module_preset=&#8221;default&#8221; custom_margin=&#8221;||0px||false|false&#8221; custom_padding=&#8221;0px||0px||false|false&#8221; global_colors_info=&#8221;{}&#8221;]<\/p>\n<p><span><strong>A viol\u00eancia baseada em g\u00eanero<\/strong><br \/><strong>\u00e9 uma<\/strong><\/span> quest\u00e3o feminizada..<\/p>\n<p>[\/et_pb_text][et_pb_text module_class=&#8221;subtitulo&#8221; _builder_version=&#8221;4.24.0&#8243; _module_preset=&#8221;default&#8221; custom_padding=&#8221;0px||0px||false|false&#8221; global_colors_info=&#8221;{}&#8221;]<\/p>\n<p>Detectar o vi\u00e9s da informa\u00e7\u00e3o<br \/> \u00e9 assunto de todos.<\/p>\n<p>[\/et_pb_text][\/et_pb_column][et_pb_column type=&#8221;3_5&#8243; _builder_version=&#8221;4.24.0&#8243; _module_preset=&#8221;default&#8221; global_colors_info=&#8221;{}&#8221;][et_pb_code _builder_version=&#8221;4.24.0&#8243; _module_preset=&#8221;default&#8221; global_colors_info=&#8221;{}&#8221;]\n<div class=\"wpcf7 no-js\" id=\"wpcf7-f1292-o1\" lang=\"pt-BR\" dir=\"ltr\">\n<div class=\"screen-reader-response\"><p role=\"status\" aria-live=\"polite\" aria-atomic=\"true\"><\/p> <ul><\/ul><\/div>\n<form action=\"\/pt-br\/wp-json\/wp\/v2\/pages\/857#wpcf7-f1292-o1\" method=\"post\" class=\"wpcf7-form init\" aria-label=\"Contact form\" novalidate=\"novalidate\" data-status=\"init\">\n<div style=\"display: none;\">\n<input type=\"hidden\" name=\"_wpcf7\" value=\"1292\" \/>\n<input type=\"hidden\" name=\"_wpcf7_version\" value=\"5.8.7\" \/>\n<input type=\"hidden\" name=\"_wpcf7_locale\" value=\"pt_BR\" \/>\n<input type=\"hidden\" name=\"_wpcf7_unit_tag\" value=\"wpcf7-f1292-o1\" \/>\n<input type=\"hidden\" name=\"_wpcf7_container_post\" value=\"0\" \/>\n<input type=\"hidden\" name=\"_wpcf7_posted_data_hash\" value=\"\" \/>\n<\/div>\n<div class=\"campos\">\n\t<div class=\"nombre-apellidos\">\n\t\t<div class=\"campo estrecho\">\n\t\t\t<p><label class=\"oculto\" for=\"firstname\">Nome*<\/label><br \/>\n<span class=\"wpcf7-form-control-wrap\" data-name=\"firstname\"><input size=\"40\" class=\"wpcf7-form-control wpcf7-text wpcf7-validates-as-required\" id=\"firstname\" aria-required=\"true\" aria-invalid=\"false\" placeholder=\"Nome*\" value=\"\" type=\"text\" name=\"firstname\" \/><\/span>\n\t\t\t<\/p>\n\t\t<\/div>\n\t\t<div class=\"campo estrecho\">\n\t\t\t<p><label class=\"oculto\" for=\"lastname\">Apelidos*<\/label><br \/>\n<span class=\"wpcf7-form-control-wrap\" data-name=\"lastname\"><input size=\"40\" class=\"wpcf7-form-control wpcf7-text wpcf7-validates-as-required\" id=\"lastname\" aria-required=\"true\" aria-invalid=\"false\" placeholder=\"Apelidos*\" value=\"\" type=\"text\" name=\"lastname\" \/><\/span>\n\t\t\t<\/p>\n\t\t<\/div>\n\t<\/div>\n\t<div class=\"campo\">\n\t\t<p><label class=\"oculto\" for=\"email\">E-mail corporativo*<\/label><br \/>\n<span class=\"wpcf7-form-control-wrap\" data-name=\"email\"><input size=\"40\" class=\"wpcf7-form-control wpcf7-email wpcf7-validates-as-required wpcf7-text wpcf7-validates-as-email\" id=\"email\" aria-required=\"true\" aria-invalid=\"false\" placeholder=\"E-mail corporativo*\" value=\"\" type=\"email\" name=\"email\" \/><\/span>\n\t\t<\/p>\n\t<\/div>\n\t<div class=\"campo llyc-selector\">\n\t\t<p><label class=\"oculto\" for=\"cargo_llyc\">Cargo*<\/label><br \/>\n<span class=\"wpcf7-form-control-wrap\" data-name=\"cargo_llyc\"><select class=\"wpcf7-form-control wpcf7-select wpcf7-validates-as-required\" id=\"cargo_llyc\" aria-required=\"true\" aria-invalid=\"false\" name=\"cargo_llyc\"><option value=\"\">Cargo*<\/option><option value=\"CEO\">CEO<\/option><option value=\"CMO\">CMO<\/option><option value=\"CCO\">CCO<\/option><option value=\"COO\">COO<\/option><option value=\"CFO\">CFO<\/option><option value=\"CTO\">CTO<\/option><option value=\"CIO\">CIO<\/option><option value=\"CDO\">CDO<\/option><option value=\"CLO\">CLO<\/option><option value=\"Chief Compliance Officer\">Chief Compliance Officer<\/option><option value=\"Chief Strategy Officer\">Chief Strategy Officer<\/option><option value=\"Secret\u00e1rio do Conselho\">Secret\u00e1rio do Conselho<\/option><option value=\"Presidente\">Presidente<\/option><option value=\"Chief Talent Officer\">Chief Talent Officer<\/option><option value=\"Diretor de Comunica\u00e7\u00e3o\">Diretor de Comunica\u00e7\u00e3o<\/option><option value=\"Diretor de Marketing\">Diretor de Marketing<\/option><option value=\"Diretor de Recursos Humanos\">Diretor de Recursos Humanos<\/option><option value=\"Diretor Financeiro\">Diretor Financeiro<\/option><option value=\"Diretor de Opera\u00e7\u00f5es\">Diretor de Opera\u00e7\u00f5es<\/option><option value=\"Diretor de Inova\u00e7\u00e3o\">Diretor de Inova\u00e7\u00e3o<\/option><option value=\"Diretor de Assessoria Jur\u00eddica\">Diretor de Assessoria Jur\u00eddica<\/option><option value=\"Diretor de Rela\u00e7\u00f5es Institucionais\">Diretor de Rela\u00e7\u00f5es Institucionais<\/option><option value=\"Diretor de Compliance\">Diretor de Compliance<\/option><option value=\"Diretor de Assuntos Corporativos\">Diretor de Assuntos Corporativos<\/option><option value=\"Gestor de Marketing\">Gestor de Marketing<\/option><option value=\"Gestor de Marca\">Gestor de Marca<\/option><option value=\"Gestor de Comunica\u00e7\u00e3o\">Gestor de Comunica\u00e7\u00e3o<\/option><option value=\"Outro\">Outro<\/option><option value=\"Diretor de Publicidade\">Diretor de Publicidade<\/option><option value=\"Gerente de Recursos Humanos\">Gerente de Recursos Humanos<\/option><option value=\"Diretor de ESG\">Diretor de ESG<\/option><\/select><\/span>\n\t\t<\/p>\n\t<\/div>\n\t<div class=\"campo\">\n\t\t<p><label class=\"oculto\" for=\"country\">Pa\u00eds*<\/label><br \/>\n<span class=\"wpcf7-form-control-wrap\" data-name=\"country\"><input size=\"40\" class=\"wpcf7-form-control wpcf7-text wpcf7-validates-as-required\" id=\"country\" aria-required=\"true\" aria-invalid=\"false\" placeholder=\"Pa\u00eds*\" value=\"\" type=\"text\" name=\"country\" \/><\/span>\n\t\t<\/p>\n\t<\/div>\n<\/div>\n<div class=\"texto_legal\">\n\t<p>A LLYC tem o compromisso de proteger e respeitar a sua privacidade e utilizaremos as suas informa\u00e7\u00f5es apenas para administrar a sua conta e fornecer os produtos e servi\u00e7os que nos solicitou. Ocasionalmente gostar\u00edamos de o contactar sobre os nossos produtos e servi\u00e7os, tamb\u00e9m sobre outros assuntos que possam ser do seu interesse. Se concorda em ser contactado com essa finalidade, marque abaixo para nos informar qual a melhor forma de contacto.\n\t<\/p>\n<\/div>\n<p><span class=\"wpcf7-form-control-wrap\" data-name=\"mk_com\"><span class=\"wpcf7-form-control wpcf7-checkbox\"><span class=\"wpcf7-list-item first last\"><label><input type=\"checkbox\" name=\"mk_com[]\" value=\"Concordo em receber mais comunica\u00e7\u00f5es da LLYC.\" \/><span class=\"wpcf7-list-item-label\">Concordo em receber mais comunica\u00e7\u00f5es da LLYC.<\/span><\/label><\/span><\/span><\/span>\n<\/p>\n<div class=\"texto_legal\">\n\t<p>Para fornecer o conte\u00fado solicitado, precisamos de armazenar e processar os seus dados pessoais. Se consentir com o armazenamento dos seus dados pessoais, marque a caixa de sele\u00e7\u00e3o abaixo.\n\t<\/p>\n<\/div>\n<p><span class=\"wpcf7-form-control-wrap\" data-name=\"mk_rgpd_c\"><span class=\"wpcf7-form-control wpcf7-acceptance\"><span class=\"wpcf7-list-item\"><label><input type=\"checkbox\" name=\"mk_rgpd_c\" value=\"1\" aria-invalid=\"false\" \/><span class=\"wpcf7-list-item-label\">Eu concordo em permitir que a LLYC armaneze e processe os meus dados pessoais*<\/span><\/label><\/span><\/span><\/span>\n<\/p>\n<div class=\"texto_legal\">\n\t<p>Poder\u00e1 cancelar estas comunica\u00e7\u00f5es quando quiser. Para obter mais informa\u00e7\u00f5es sobre o cancelamento, as nossas pr\u00e1ticas de privacidade e o nosso compromisso em proteger e respeitar a sua privacidade, confira a nossa <a href=\"https:\/\/llyc.global\/pt-br\/politica-de-privacidade\/\" target=\"_blank\">Pol\u00edtica de Privacidade.<\/a>.\n\t<\/p>\n<\/div>\n<div class=\"enviar\">\n\t<p><input class=\"wpcf7-form-control wpcf7-submit has-spinner\" type=\"submit\" value=\"Descarregar\" \/>\n\t<\/p>\n<\/div><div class=\"wpcf7-response-output\" aria-hidden=\"true\"><\/div>\n<\/form>\n<\/div>\n[\/et_pb_code][\/et_pb_column][\/et_pb_row][\/et_pb_section][et_pb_section fb_built=&#8221;1&#8243; custom_padding_last_edited=&#8221;on|tablet&#8221; admin_label=&#8221;Apelaci\u00f3n&#8221; _builder_version=&#8221;4.24.0&#8243; _module_preset=&#8221;default&#8221; background_color=&#8221;RGBA(255,255,255,0)&#8221; background_enable_image=&#8221;off&#8221; custom_padding=&#8221;||||false|false&#8221; custom_padding_tablet=&#8221;||||false|false&#8221; custom_padding_phone=&#8221;||||false|false&#8221; global_colors_info=&#8221;{}&#8221;][et_pb_row custom_padding_last_edited=&#8221;on|tablet&#8221; module_class=&#8221;titulo-medio&#8221; _builder_version=&#8221;4.24.0&#8243; _module_preset=&#8221;default&#8221; max_width=&#8221;806px&#8221; custom_margin_tablet=&#8221;||0px||false|false&#8221; custom_margin_phone=&#8221;||0px||false|false&#8221; custom_margin_last_edited=&#8221;on|tablet&#8221; custom_padding_tablet=&#8221;0px||0px||false|false&#8221; custom_padding_phone=&#8221;0px||0px||false|false&#8221; global_colors_info=&#8221;{}&#8221;][et_pb_column type=&#8221;4_4&#8243; _builder_version=&#8221;4.24.0&#8243; _module_preset=&#8221;default&#8221; global_colors_info=&#8221;{}&#8221;][et_pb_image src=&#8221;https:\/\/thepurplecheck.llyc.global\/wp-content\/uploads\/2024\/02\/6_br_La-apelacion.svg&#8221; title_text=&#8221;6_br_m_La apelacion&#8221; align=&#8221;center&#8221; force_fullwidth=&#8221;on&#8221; src_tablet=&#8221;https:\/\/thepurplecheck.llyc.global\/wp-content\/uploads\/2024\/02\/6_br_m_La-apelacion.svg&#8221; src_phone=&#8221;https:\/\/thepurplecheck.llyc.global\/wp-content\/uploads\/2024\/02\/6_br_m_La-apelacion.svg&#8221; src_last_edited=&#8221;on|phone&#8221; admin_label=&#8221;Imagen t\u00edtulo&#8221; _builder_version=&#8221;4.24.0&#8243; _module_preset=&#8221;default&#8221; module_alignment=&#8221;center&#8221; global_colors_info=&#8221;{}&#8221;][\/et_pb_image][\/et_pb_column][\/et_pb_row][et_pb_row column_structure=&#8221;1_2,1_2&#8243; custom_padding_last_edited=&#8221;on|tablet&#8221; _builder_version=&#8221;4.24.0&#8243; _module_preset=&#8221;default&#8221; max_width=&#8221;806px&#8221; custom_padding_tablet=&#8221;||0px||false|false&#8221; custom_padding_phone=&#8221;||0px||false|false&#8221; global_colors_info=&#8221;{}&#8221;][et_pb_column type=&#8221;1_2&#8243; _builder_version=&#8221;4.24.0&#8243; _module_preset=&#8221;default&#8221; custom_padding_tablet=&#8221;||0px||false|false&#8221; custom_padding_phone=&#8221;||0px||false|false&#8221; custom_padding_last_edited=&#8221;on|tablet&#8221; global_colors_info=&#8221;{}&#8221;][et_pb_text module_class=&#8221;texto-light&#8221; _builder_version=&#8221;4.24.0&#8243; _module_preset=&#8221;default&#8221; custom_padding_tablet=&#8221;0px||0px||false|false&#8221; custom_padding_phone=&#8221;0px||0px||false|false&#8221; custom_padding_last_edited=&#8221;on|tablet&#8221; global_colors_info=&#8221;{}&#8221;]<\/p>\n<p>Informar e conscientizar a sociedade sobre a<strong> luta contra a viol\u00eancia de g\u00eanero \u00e9 uma quest\u00e3o de interesse geral e de direitos humanos.<\/strong> Somente se todos n\u00f3s detectarmos o preconceito \u00e9 que poderemos transformar<strong> a linguagem em uma ferramenta de mudan\u00e7a.<\/strong><\/p>\n<p>[\/et_pb_text][\/et_pb_column][et_pb_column type=&#8221;1_2&#8243; _builder_version=&#8221;4.24.0&#8243; _module_preset=&#8221;default&#8221; global_colors_info=&#8221;{}&#8221;][et_pb_text module_class=&#8221;texto-light titulo-final&#8221; _builder_version=&#8221;4.24.0&#8243; _module_preset=&#8221;default&#8221; header_2_font=&#8221;|||on|||||&#8221; max_width=&#8221;340px&#8221; custom_margin=&#8221;||0px||false|false&#8221; custom_padding=&#8221;||0px||false|false&#8221; global_colors_info=&#8221;{}&#8221;]<\/p>\n<h2>M\u00eddia e redes sociais:<\/h2>\n<p>[\/et_pb_text][et_pb_text module_class=&#8221;texto-light&#8221; _builder_version=&#8221;4.24.0&#8243; _module_preset=&#8221;default&#8221; max_width=&#8221;340px&#8221; custom_padding_tablet=&#8221;0px||||false|false&#8221; custom_padding_phone=&#8221;0px||||false|false&#8221; custom_padding_last_edited=&#8221;on|tablet&#8221; global_colors_info=&#8221;{}&#8221;]<\/p>\n<p>a caminho de uma abordagem correta da viol\u00eancia de g\u00eanero.<\/p>\n<p>[\/et_pb_text][\/et_pb_column][\/et_pb_row][\/et_pb_section]<\/p>\n","protected":false},"excerpt":{"rendered":"<p>Na LLYC, acreditamos que, por meio dos Assuntos Corporativos e do Marketing, podemos promover o progresso social. \u00c9 por isso que, conscientes da igualdade de g\u00eanero, mais uma vez este ano estamos lan\u00e7ando uma iniciativa para que cada vez mais pessoas se envolvam em tornar a igualdade entre homens e mulheres uma realidade. Nosso relat\u00f3rio [&hellip;]<\/p>\n","protected":false},"author":2,"featured_media":0,"parent":0,"menu_order":0,"comment_status":"closed","ping_status":"closed","template":"","meta":{"_et_pb_use_builder":"on","_et_pb_old_content":"","_et_gb_content_width":"","footnotes":""},"yoast_head":"<!-- This site is optimized with the Yoast SEO plugin v22.0 - https:\/\/yoast.com\/wordpress\/plugins\/seo\/ -->\n<title>The Purple Check | Como fornecer melhores opini\u00f5es e informa\u00e7\u00f5es sobre viol\u00eancia de g\u00eanero.<\/title>\n<meta name=\"description\" content=\"Descubra como a cobertura midi\u00e1tica da viol\u00eancia de g\u00eanero pode desempenhar um papel crucial na conscientiza\u00e7\u00e3o e mudan\u00e7a social. Conhe\u00e7a nosso estudo sobre seu tratamento em m\u00eddias online e redes sociais.\" \/>\n<meta name=\"robots\" content=\"index, follow, max-snippet:-1, max-image-preview:large, max-video-preview:-1\" \/>\n<link rel=\"canonical\" href=\"https:\/\/thepurplecheck.llyc.global\/pt-br\/\" \/>\n<meta property=\"og:locale\" content=\"pt_BR\" \/>\n<meta property=\"og:type\" content=\"article\" \/>\n<meta property=\"og:title\" content=\"The Purple Check | Como fornecer melhores opini\u00f5es e informa\u00e7\u00f5es sobre viol\u00eancia de g\u00eanero.\" \/>\n<meta property=\"og:description\" content=\"Descubra como a cobertura midi\u00e1tica da viol\u00eancia de g\u00eanero pode desempenhar um papel crucial na conscientiza\u00e7\u00e3o e mudan\u00e7a social. Conhe\u00e7a nosso estudo sobre seu tratamento em m\u00eddias online e redes sociais.\" \/>\n<meta property=\"og:url\" content=\"https:\/\/thepurplecheck.llyc.global\/pt-br\/\" \/>\n<meta property=\"og:site_name\" content=\"The Purple Check\" \/>\n<meta property=\"article:modified_time\" content=\"2025-05-22T14:27:41+00:00\" \/>\n<meta name=\"twitter:card\" content=\"summary_large_image\" \/>\n<meta name=\"twitter:label1\" content=\"Est. reading time\" \/>\n\t<meta name=\"twitter:data1\" content=\"8 minutes\" \/>\n<script type=\"application\/ld+json\" class=\"yoast-schema-graph\">{\"@context\":\"https:\/\/schema.org\",\"@graph\":[{\"@type\":\"WebPage\",\"@id\":\"https:\/\/thepurplecheck.llyc.global\/pt-br\/\",\"url\":\"https:\/\/thepurplecheck.llyc.global\/pt-br\/\",\"name\":\"The Purple Check | Como fornecer melhores opini\u00f5es e informa\u00e7\u00f5es sobre viol\u00eancia de g\u00eanero.\",\"isPartOf\":{\"@id\":\"https:\/\/thepurplecheck.llyc.global\/pt-br\/#website\"},\"datePublished\":\"2024-02-19T10:40:02+00:00\",\"dateModified\":\"2025-05-22T14:27:41+00:00\",\"description\":\"Descubra como a cobertura midi\u00e1tica da viol\u00eancia de g\u00eanero pode desempenhar um papel crucial na conscientiza\u00e7\u00e3o e mudan\u00e7a social. Conhe\u00e7a nosso estudo sobre seu tratamento em m\u00eddias online e redes sociais.\",\"breadcrumb\":{\"@id\":\"https:\/\/thepurplecheck.llyc.global\/pt-br\/#breadcrumb\"},\"inLanguage\":\"pt-BR\",\"potentialAction\":[{\"@type\":\"ReadAction\",\"target\":[\"https:\/\/thepurplecheck.llyc.global\/pt-br\/\"]}]},{\"@type\":\"BreadcrumbList\",\"@id\":\"https:\/\/thepurplecheck.llyc.global\/pt-br\/#breadcrumb\",\"itemListElement\":[{\"@type\":\"ListItem\",\"position\":1,\"name\":\"Home\",\"item\":\"https:\/\/thepurplecheck.llyc.global\/pt-br\/\"},{\"@type\":\"ListItem\",\"position\":2,\"name\":\"Home\"}]},{\"@type\":\"WebSite\",\"@id\":\"https:\/\/thepurplecheck.llyc.global\/pt-br\/#website\",\"url\":\"https:\/\/thepurplecheck.llyc.global\/pt-br\/\",\"name\":\"The Purple Check\",\"description\":\"\",\"potentialAction\":[{\"@type\":\"SearchAction\",\"target\":{\"@type\":\"EntryPoint\",\"urlTemplate\":\"https:\/\/thepurplecheck.llyc.global\/pt-br\/?s={search_term_string}\"},\"query-input\":\"required name=search_term_string\"}],\"inLanguage\":\"pt-BR\"}]}<\/script>\n<!-- \/ Yoast SEO plugin. -->","yoast_head_json":{"title":"The Purple Check | Como fornecer melhores opini\u00f5es e informa\u00e7\u00f5es sobre viol\u00eancia de g\u00eanero.","description":"Descubra como a cobertura midi\u00e1tica da viol\u00eancia de g\u00eanero pode desempenhar um papel crucial na conscientiza\u00e7\u00e3o e mudan\u00e7a social. Conhe\u00e7a nosso estudo sobre seu tratamento em m\u00eddias online e redes sociais.","robots":{"index":"index","follow":"follow","max-snippet":"max-snippet:-1","max-image-preview":"max-image-preview:large","max-video-preview":"max-video-preview:-1"},"canonical":"https:\/\/thepurplecheck.llyc.global\/pt-br\/","og_locale":"pt_BR","og_type":"article","og_title":"The Purple Check | Como fornecer melhores opini\u00f5es e informa\u00e7\u00f5es sobre viol\u00eancia de g\u00eanero.","og_description":"Descubra como a cobertura midi\u00e1tica da viol\u00eancia de g\u00eanero pode desempenhar um papel crucial na conscientiza\u00e7\u00e3o e mudan\u00e7a social. Conhe\u00e7a nosso estudo sobre seu tratamento em m\u00eddias online e redes sociais.","og_url":"https:\/\/thepurplecheck.llyc.global\/pt-br\/","og_site_name":"The Purple Check","article_modified_time":"2025-05-22T14:27:41+00:00","twitter_card":"summary_large_image","twitter_misc":{"Est. reading time":"8 minutes"},"schema":{"@context":"https:\/\/schema.org","@graph":[{"@type":"WebPage","@id":"https:\/\/thepurplecheck.llyc.global\/pt-br\/","url":"https:\/\/thepurplecheck.llyc.global\/pt-br\/","name":"The Purple Check | Como fornecer melhores opini\u00f5es e informa\u00e7\u00f5es sobre viol\u00eancia de g\u00eanero.","isPartOf":{"@id":"https:\/\/thepurplecheck.llyc.global\/pt-br\/#website"},"datePublished":"2024-02-19T10:40:02+00:00","dateModified":"2025-05-22T14:27:41+00:00","description":"Descubra como a cobertura midi\u00e1tica da viol\u00eancia de g\u00eanero pode desempenhar um papel crucial na conscientiza\u00e7\u00e3o e mudan\u00e7a social. Conhe\u00e7a nosso estudo sobre seu tratamento em m\u00eddias online e redes sociais.","breadcrumb":{"@id":"https:\/\/thepurplecheck.llyc.global\/pt-br\/#breadcrumb"},"inLanguage":"pt-BR","potentialAction":[{"@type":"ReadAction","target":["https:\/\/thepurplecheck.llyc.global\/pt-br\/"]}]},{"@type":"BreadcrumbList","@id":"https:\/\/thepurplecheck.llyc.global\/pt-br\/#breadcrumb","itemListElement":[{"@type":"ListItem","position":1,"name":"Home","item":"https:\/\/thepurplecheck.llyc.global\/pt-br\/"},{"@type":"ListItem","position":2,"name":"Home"}]},{"@type":"WebSite","@id":"https:\/\/thepurplecheck.llyc.global\/pt-br\/#website","url":"https:\/\/thepurplecheck.llyc.global\/pt-br\/","name":"The Purple Check","description":"","potentialAction":[{"@type":"SearchAction","target":{"@type":"EntryPoint","urlTemplate":"https:\/\/thepurplecheck.llyc.global\/pt-br\/?s={search_term_string}"},"query-input":"required name=search_term_string"}],"inLanguage":"pt-BR"}]}},"_links":{"self":[{"href":"https:\/\/thepurplecheck.llyc.global\/pt-br\/wp-json\/wp\/v2\/pages\/857"}],"collection":[{"href":"https:\/\/thepurplecheck.llyc.global\/pt-br\/wp-json\/wp\/v2\/pages"}],"about":[{"href":"https:\/\/thepurplecheck.llyc.global\/pt-br\/wp-json\/wp\/v2\/types\/page"}],"author":[{"embeddable":true,"href":"https:\/\/thepurplecheck.llyc.global\/pt-br\/wp-json\/wp\/v2\/users\/2"}],"replies":[{"embeddable":true,"href":"https:\/\/thepurplecheck.llyc.global\/pt-br\/wp-json\/wp\/v2\/comments?post=857"}],"version-history":[{"count":23,"href":"https:\/\/thepurplecheck.llyc.global\/pt-br\/wp-json\/wp\/v2\/pages\/857\/revisions"}],"predecessor-version":[{"id":2402,"href":"https:\/\/thepurplecheck.llyc.global\/pt-br\/wp-json\/wp\/v2\/pages\/857\/revisions\/2402"}],"wp:attachment":[{"href":"https:\/\/thepurplecheck.llyc.global\/pt-br\/wp-json\/wp\/v2\/media?parent=857"}],"curies":[{"name":"wp","href":"https:\/\/api.w.org\/{rel}","templated":true}]}}